{"id":39,"date":"2026-01-05T22:46:51","date_gmt":"2026-01-05T21:46:51","guid":{"rendered":"https:\/\/www.concepto360.pe\/?page_id=39"},"modified":"2026-01-20T18:41:37","modified_gmt":"2026-01-20T17:41:37","slug":"productos","status":"publish","type":"page","link":"https:\/\/www.concepto360.pe\/?page_id=39","title":{"rendered":"Productos"},"content":{"rendered":"\t\t<div data-elementor-type=\"wp-page\" data-elementor-id=\"39\" class=\"elementor elementor-39\" data-elementor-post-type=\"page\">\n\t\t\t\t<div class=\"elementor-element elementor-element-62e13b1 e-con-full e-flex e-con e-parent\" data-id=\"62e13b1\" data-element_type=\"container\" data-settings=\"{&quot;background_background&quot;:&quot;gradient&quot;}\">\n\t\t<div class=\"elementor-element elementor-element-43526a6 elementor-hidden-mobile e-flex e-con-boxed e-con e-child\" data-id=\"43526a6\" data-element_type=\"container\">\n\t\t\t\t\t<div class=\"e-con-inner\">\n\t\t\t\t<div class=\"elementor-element elementor-element-d67961a animated-slow e-n-tabs-mobile elementor-invisible elementor-widget elementor-widget-n-tabs\" data-id=\"d67961a\" data-element_type=\"widget\" data-settings=\"{&quot;_animation&quot;:&quot;fadeInDown&quot;,&quot;_animation_delay&quot;:400,&quot;horizontal_scroll_tablet&quot;:&quot;disable&quot;,&quot;horizontal_scroll_mobile&quot;:&quot;disable&quot;,&quot;_animation_tablet&quot;:&quot;fadeInLeft&quot;,&quot;horizontal_scroll&quot;:&quot;disable&quot;}\" data-widget_type=\"nested-tabs.default\">\n\t\t\t\t\t\t\t<div class=\"e-n-tabs\" data-widget-number=\"224892442\" aria-label=\"Pesta\u00f1as. Abre elementos con Intro o Espacio, ci\u00e9rralos con Escape y navega con las fechas.\">\n\t\t\t<div class=\"e-n-tabs-heading\" role=\"tablist\">\n\t\t\t\t\t<button id=\"e-n-tab-title-2248924421\" data-tab-title-id=\"e-n-tab-title-2248924421\" class=\"e-n-tab-title\" aria-selected=\"true\" data-tab-index=\"1\" role=\"tab\" tabindex=\"0\" aria-controls=\"e-n-tab-content-2248924421\" style=\"--n-tabs-title-order: 1;\">\n\t\t\t\t\t\t<span class=\"e-n-tab-title-text\">\n\t\t\t\tPublicaciones, Libros y Memorias \/ Cat\u00e1logos y Gu\u00edas\t\t\t<\/span>\n\t\t<\/button>\n\t\t\t\t<button id=\"e-n-tab-title-2248924422\" data-tab-title-id=\"e-n-tab-title-2248924422\" class=\"e-n-tab-title\" aria-selected=\"false\" data-tab-index=\"2\" role=\"tab\" tabindex=\"-1\" aria-controls=\"e-n-tab-content-2248924422\" style=\"--n-tabs-title-order: 2;\">\n\t\t\t\t\t\t<span class=\"e-n-tab-title-text\">\n\t\t\t\tCreaci\u00f3n y Producci\u00f3n integral de Eventos\t\t\t<\/span>\n\t\t<\/button>\n\t\t\t\t<button id=\"e-n-tab-title-2248924423\" data-tab-title-id=\"e-n-tab-title-2248924423\" class=\"e-n-tab-title\" aria-selected=\"false\" data-tab-index=\"3\" role=\"tab\" tabindex=\"-1\" aria-controls=\"e-n-tab-content-2248924423\" style=\"--n-tabs-title-order: 3;\">\n\t\t\t\t\t\t<span class=\"e-n-tab-title-text\">\n\t\t\t\tPortales de Noticias y Plataformas Virtuales\t\t\t<\/span>\n\t\t<\/button>\n\t\t\t\t\t<\/div>\n\t\t\t<div class=\"e-n-tabs-content\">\n\t\t\t\t<div id=\"e-n-tab-content-2248924421\" role=\"tabpanel\" aria-labelledby=\"e-n-tab-title-2248924421\" data-tab-index=\"1\" style=\"--n-tabs-title-order: 1;\" class=\"e-active elementor-element elementor-element-4c374bf e-con-full e-flex e-con e-child\" data-id=\"4c374bf\" data-element_type=\"container\">\n\t\t<div class=\"elementor-element elementor-element-0ce6586 e-flex e-con-boxed e-con e-child\" data-id=\"0ce6586\" data-element_type=\"container\">\n\t\t\t\t\t<div class=\"e-con-inner\">\n\t\t<div class=\"elementor-element elementor-element-d8f352d e-con-full e-flex e-con e-child\" data-id=\"d8f352d\" data-element_type=\"container\">\n\t\t\t\t<div class=\"elementor-element elementor-element-5e4659f animated-slow elementor-invisible elementor-widget elementor-widget-image\" data-id=\"5e4659f\" data-element_type=\"widget\" data-settings=\"{&quot;_animation&quot;:&quot;fadeInLeft&quot;,&quot;_animation_delay&quot;:600}\" data-widget_type=\"image.default\">\n\t\t\t\t\t\t\t\t\t\t\t\t\t\t\t<img fetchpriority=\"high\" decoding=\"async\" width=\"563\" height=\"750\" src=\"https:\/\/www.concepto360.pe\/wp-content\/uploads\/2026\/01\/guia-textil-del-peru-edicion-9.png\" class=\"attachment-full size-full wp-image-252\" alt=\"\" srcset=\"https:\/\/www.concepto360.pe\/wp-content\/uploads\/2026\/01\/guia-textil-del-peru-edicion-9.png 563w, https:\/\/www.concepto360.pe\/wp-content\/uploads\/2026\/01\/guia-textil-del-peru-edicion-9-225x300.png 225w\" sizes=\"(max-width: 563px) 100vw, 563px\" \/>\t\t\t\t\t\t\t\t\t\t\t\t\t\t\t<\/div>\n\t\t\t\t<\/div>\n\t\t<div class=\"elementor-element elementor-element-521c8b4 e-con-full e-flex e-con e-child\" data-id=\"521c8b4\" data-element_type=\"container\">\n\t\t\t\t<div class=\"elementor-element elementor-element-73c5347 animated-slow elementor-invisible elementor-widget elementor-widget-text-editor\" data-id=\"73c5347\" data-element_type=\"widget\" data-settings=\"{&quot;_animation&quot;:&quot;fadeInRight&quot;,&quot;_animation_delay&quot;:800}\" data-widget_type=\"text-editor.default\">\n\t\t\t\t\t\t\t\t\t<h2>Gu\u00eda Textil del Per\u00fa<\/h2><p>El documento oficial del sector textil\u2013confecciones, cuero y calzado del Per\u00fa.<br \/>Re\u00fane informaci\u00f3n actualizada de fabricantes, av\u00edos, dise\u00f1adores, materias primas, maquinaria y servicios especializados.<br \/>Una herramienta estrat\u00e9gica para incrementar ventas, visibilizar oferta y conectar proveedores con compradores nacionales e internacionales.<br \/>Se presenta y distribuye en Expotextil Per\u00fa.<\/p>\t\t\t\t\t\t\t\t<\/div>\n\t\t\t\t<\/div>\n\t\t\t\t\t<\/div>\n\t\t\t\t<\/div>\n\t\t<div class=\"elementor-element elementor-element-378e237 e-flex e-con-boxed e-con e-child\" data-id=\"378e237\" data-element_type=\"container\">\n\t\t\t\t\t<div class=\"e-con-inner\">\n\t\t<div class=\"elementor-element elementor-element-e53e301 e-con-full e-flex e-con e-child\" data-id=\"e53e301\" data-element_type=\"container\">\n\t\t\t\t<div class=\"elementor-element elementor-element-99c11e1 animated-slow elementor-invisible elementor-widget elementor-widget-text-editor\" data-id=\"99c11e1\" data-element_type=\"widget\" data-settings=\"{&quot;_animation&quot;:&quot;fadeInLeft&quot;,&quot;_animation_delay&quot;:1000}\" data-widget_type=\"text-editor.default\">\n\t\t\t\t\t\t\t\t\t<h2>Gu\u00eda de la Industria Pl\u00e1stica<\/h2><p>La \u00fanica publicaci\u00f3n oficial del sector pl\u00e1stico peruano.<br \/>Difunde la oferta de fabricantes y proveedores con alto nivel de calidad, fortaleciendo la cadena comercial y t\u00e9cnica del sector.<br \/>Integra informaci\u00f3n, innovaci\u00f3n, investigaci\u00f3n y desarrollo para potenciar la competitividad de toda la industria.<\/p>\t\t\t\t\t\t\t\t<\/div>\n\t\t\t\t<\/div>\n\t\t<div class=\"elementor-element elementor-element-e564b66 e-con-full e-flex e-con e-child\" data-id=\"e564b66\" data-element_type=\"container\">\n\t\t\t\t<div class=\"elementor-element elementor-element-a382a74 animated-slow elementor-invisible elementor-widget elementor-widget-image\" data-id=\"a382a74\" data-element_type=\"widget\" data-settings=\"{&quot;_animation&quot;:&quot;fadeInRight&quot;,&quot;_animation_delay&quot;:1200}\" data-widget_type=\"image.default\">\n\t\t\t\t\t\t\t\t\t\t\t\t\t\t\t<img decoding=\"async\" width=\"563\" height=\"750\" src=\"https:\/\/www.concepto360.pe\/wp-content\/uploads\/2026\/01\/guia-industria-plastica-edicion-10.png\" class=\"attachment-full size-full wp-image-251\" alt=\"\" srcset=\"https:\/\/www.concepto360.pe\/wp-content\/uploads\/2026\/01\/guia-industria-plastica-edicion-10.png 563w, https:\/\/www.concepto360.pe\/wp-content\/uploads\/2026\/01\/guia-industria-plastica-edicion-10-225x300.png 225w\" sizes=\"(max-width: 563px) 100vw, 563px\" \/>\t\t\t\t\t\t\t\t\t\t\t\t\t\t\t<\/div>\n\t\t\t\t<\/div>\n\t\t\t\t\t<\/div>\n\t\t\t\t<\/div>\n\t\t\t\t<\/div>\n\t\t<div id=\"e-n-tab-content-2248924422\" role=\"tabpanel\" aria-labelledby=\"e-n-tab-title-2248924422\" data-tab-index=\"2\" style=\"--n-tabs-title-order: 2;\" class=\" elementor-element elementor-element-e7893ef e-con-full e-flex e-con e-child\" data-id=\"e7893ef\" data-element_type=\"container\">\n\t\t<div class=\"elementor-element elementor-element-6bd1b81 e-flex e-con-boxed e-con e-child\" data-id=\"6bd1b81\" data-element_type=\"container\">\n\t\t\t\t\t<div class=\"e-con-inner\">\n\t\t<div class=\"elementor-element elementor-element-ef33c3b e-con-full e-flex e-con e-child\" data-id=\"ef33c3b\" data-element_type=\"container\">\n\t\t\t\t<div class=\"elementor-element elementor-element-a086f62 animated-slow elementor-invisible elementor-widget elementor-widget-image\" data-id=\"a086f62\" data-element_type=\"widget\" data-settings=\"{&quot;_animation&quot;:&quot;fadeInLeft&quot;,&quot;_animation_delay&quot;:400}\" data-widget_type=\"image.default\">\n\t\t\t\t\t\t\t\t\t\t\t\t\t\t\t<img decoding=\"async\" width=\"800\" height=\"580\" src=\"https:\/\/www.concepto360.pe\/wp-content\/uploads\/2026\/01\/semana-de-la-industria-textil.jpg\" class=\"attachment-full size-full wp-image-268\" alt=\"\" srcset=\"https:\/\/www.concepto360.pe\/wp-content\/uploads\/2026\/01\/semana-de-la-industria-textil.jpg 800w, https:\/\/www.concepto360.pe\/wp-content\/uploads\/2026\/01\/semana-de-la-industria-textil-300x218.jpg 300w, https:\/\/www.concepto360.pe\/wp-content\/uploads\/2026\/01\/semana-de-la-industria-textil-768x557.jpg 768w\" sizes=\"(max-width: 800px) 100vw, 800px\" \/>\t\t\t\t\t\t\t\t\t\t\t\t\t\t\t<\/div>\n\t\t\t\t<\/div>\n\t\t<div class=\"elementor-element elementor-element-97abb36 e-con-full e-flex e-con e-child\" data-id=\"97abb36\" data-element_type=\"container\">\n\t\t\t\t<div class=\"elementor-element elementor-element-c15494b animated-slow elementor-invisible elementor-widget elementor-widget-text-editor\" data-id=\"c15494b\" data-element_type=\"widget\" data-settings=\"{&quot;_animation&quot;:&quot;fadeInRight&quot;,&quot;_animation_delay&quot;:600}\" data-widget_type=\"text-editor.default\">\n\t\t\t\t\t\t\t\t\t<h3>Semana de la Industria Textil<\/h3><p>Plataforma integrada de informaci\u00f3n, capacitaci\u00f3n y promoci\u00f3n comercial para el circuito textil\u2013confecciones.<br \/>Incluye:<\/p><ul><li><strong>Di\u00e1logo Textil:<\/strong> mesas empresariales conducidas por periodistas especializados.<\/li><li><strong>Conferencias t\u00e9cnicas, de gesti\u00f3n y magistrales:<\/strong> nacionales e internacionales, orientadas a modernizar procesos, incorporar tecnolog\u00eda y elevar la competitividad del sector.<\/li><\/ul>\t\t\t\t\t\t\t\t<\/div>\n\t\t\t\t<\/div>\n\t\t\t\t\t<\/div>\n\t\t\t\t<\/div>\n\t\t<div class=\"elementor-element elementor-element-750eb59 e-flex e-con-boxed e-con e-child\" data-id=\"750eb59\" data-element_type=\"container\">\n\t\t\t\t\t<div class=\"e-con-inner\">\n\t\t<div class=\"elementor-element elementor-element-c515e63 e-con-full e-flex e-con e-child\" data-id=\"c515e63\" data-element_type=\"container\">\n\t\t\t\t<div class=\"elementor-element elementor-element-0361cd5 animated-slow elementor-invisible elementor-widget elementor-widget-text-editor\" data-id=\"0361cd5\" data-element_type=\"widget\" data-settings=\"{&quot;_animation&quot;:&quot;fadeInLeft&quot;,&quot;_animation_delay&quot;:800}\" data-widget_type=\"text-editor.default\">\n\t\t\t\t\t\t\t\t\t<h3>Semana de la Industria del Pl\u00e1stico<\/h3><p>Espacio de desarrollo industrial y articulaci\u00f3n comercial para el sector pl\u00e1stico peruano.<br \/>Incluye:<\/p><ul><li><strong>Di\u00e1logo Pl\u00e1stico:<\/strong> encuentros empresariales orientados a la reconversi\u00f3n y modernizaci\u00f3n del sector.<\/li><li><strong>Conferencias t\u00e9cnicas y de gesti\u00f3n:<\/strong> enfocadas en innovaci\u00f3n, tecnolog\u00eda y mejora continua.<\/li><\/ul>\t\t\t\t\t\t\t\t<\/div>\n\t\t\t\t<\/div>\n\t\t<div class=\"elementor-element elementor-element-414a3be e-con-full e-flex e-con e-child\" data-id=\"414a3be\" data-element_type=\"container\">\n\t\t\t\t<div class=\"elementor-element elementor-element-21a389a animated-slow elementor-invisible elementor-widget elementor-widget-image\" data-id=\"21a389a\" data-element_type=\"widget\" data-settings=\"{&quot;_animation&quot;:&quot;fadeInRight&quot;,&quot;_animation_delay&quot;:1000}\" data-widget_type=\"image.default\">\n\t\t\t\t\t\t\t\t\t\t\t\t\t\t\t<img loading=\"lazy\" decoding=\"async\" width=\"800\" height=\"580\" src=\"https:\/\/www.concepto360.pe\/wp-content\/uploads\/2026\/01\/semana-de-la-industria-del-plastico.jpg\" class=\"attachment-large size-large wp-image-269\" alt=\"\" srcset=\"https:\/\/www.concepto360.pe\/wp-content\/uploads\/2026\/01\/semana-de-la-industria-del-plastico.jpg 800w, https:\/\/www.concepto360.pe\/wp-content\/uploads\/2026\/01\/semana-de-la-industria-del-plastico-300x218.jpg 300w, https:\/\/www.concepto360.pe\/wp-content\/uploads\/2026\/01\/semana-de-la-industria-del-plastico-768x557.jpg 768w\" sizes=\"(max-width: 800px) 100vw, 800px\" \/>\t\t\t\t\t\t\t\t\t\t\t\t\t\t\t<\/div>\n\t\t\t\t<\/div>\n\t\t\t\t\t<\/div>\n\t\t\t\t<\/div>\n\t\t<div class=\"elementor-element elementor-element-ff2c3e1 e-flex e-con-boxed e-con e-child\" data-id=\"ff2c3e1\" data-element_type=\"container\">\n\t\t\t\t\t<div class=\"e-con-inner\">\n\t\t<div class=\"elementor-element elementor-element-3508987 e-con-full e-flex e-con e-child\" data-id=\"3508987\" data-element_type=\"container\">\n\t\t\t\t<div class=\"elementor-element elementor-element-3438d81 animated-slow elementor-invisible elementor-widget elementor-widget-image\" data-id=\"3438d81\" data-element_type=\"widget\" data-settings=\"{&quot;_animation&quot;:&quot;fadeInLeft&quot;,&quot;_animation_delay&quot;:200}\" data-widget_type=\"image.default\">\n\t\t\t\t\t\t\t\t\t\t\t\t\t\t\t<img loading=\"lazy\" decoding=\"async\" width=\"800\" height=\"580\" src=\"https:\/\/www.concepto360.pe\/wp-content\/uploads\/2026\/01\/pasarelas.jpg\" class=\"attachment-large size-large wp-image-267\" alt=\"\" srcset=\"https:\/\/www.concepto360.pe\/wp-content\/uploads\/2026\/01\/pasarelas.jpg 800w, https:\/\/www.concepto360.pe\/wp-content\/uploads\/2026\/01\/pasarelas-300x218.jpg 300w, https:\/\/www.concepto360.pe\/wp-content\/uploads\/2026\/01\/pasarelas-768x557.jpg 768w\" sizes=\"(max-width: 800px) 100vw, 800px\" \/>\t\t\t\t\t\t\t\t\t\t\t\t\t\t\t<\/div>\n\t\t\t\t<\/div>\n\t\t<div class=\"elementor-element elementor-element-30fcf41 e-con-full e-flex e-con e-child\" data-id=\"30fcf41\" data-element_type=\"container\">\n\t\t\t\t<div class=\"elementor-element elementor-element-0a1ce78 animated-slow elementor-invisible elementor-widget elementor-widget-text-editor\" data-id=\"0a1ce78\" data-element_type=\"widget\" data-settings=\"{&quot;_animation&quot;:&quot;fadeInRight&quot;,&quot;_animation_delay&quot;:400}\" data-widget_type=\"text-editor.default\">\n\t\t\t\t\t\t\t\t\t<h3>Pasarelas Expotextil<\/h3><p>La vitrina m\u00e1s importante de la moda peruana.<br \/>Presenta colecciones de marcas, empresas textiles, dise\u00f1adores consagrados y nuevos talentos.<br \/>Un escenario de alto impacto para posicionar productos, potenciar marcas y mostrar tendencias.<\/p>\t\t\t\t\t\t\t\t<\/div>\n\t\t\t\t<\/div>\n\t\t\t\t\t<\/div>\n\t\t\t\t<\/div>\n\t\t<div class=\"elementor-element elementor-element-2cc5ba3 e-flex e-con-boxed e-con e-child\" data-id=\"2cc5ba3\" data-element_type=\"container\">\n\t\t\t\t\t<div class=\"e-con-inner\">\n\t\t<div class=\"elementor-element elementor-element-d754b9d e-con-full e-flex e-con e-child\" data-id=\"d754b9d\" data-element_type=\"container\">\n\t\t\t\t<div class=\"elementor-element elementor-element-f62f1e3 animated-slow elementor-invisible elementor-widget elementor-widget-text-editor\" data-id=\"f62f1e3\" data-element_type=\"widget\" data-settings=\"{&quot;_animation&quot;:&quot;fadeInLeft&quot;,&quot;_animation_delay&quot;:600}\" data-widget_type=\"text-editor.default\">\n\t\t\t\t\t\t\t\t\t<h3>Concurso Dise\u00f1ador de Vanguardia<\/h3><p>Plataforma que impulsa a los nuevos talentos del dise\u00f1o de moda en el Per\u00fa.<br \/>Dirigido a estudiantes y egresados menores de 29 a\u00f1os.<br \/>Una vitrina nacional e internacional que conecta creatividad, industria y oportunidades reales.<\/p>\t\t\t\t\t\t\t\t<\/div>\n\t\t\t\t<\/div>\n\t\t<div class=\"elementor-element elementor-element-40203a7 e-con-full e-flex e-con e-child\" data-id=\"40203a7\" data-element_type=\"container\">\n\t\t\t\t<div class=\"elementor-element elementor-element-acef7ea animated-slow elementor-invisible elementor-widget elementor-widget-image\" data-id=\"acef7ea\" data-element_type=\"widget\" data-settings=\"{&quot;_animation&quot;:&quot;fadeInRight&quot;,&quot;_animation_delay&quot;:800}\" data-widget_type=\"image.default\">\n\t\t\t\t\t\t\t\t\t\t\t\t\t\t\t<img loading=\"lazy\" decoding=\"async\" width=\"800\" height=\"580\" src=\"https:\/\/www.concepto360.pe\/wp-content\/uploads\/2026\/01\/concurso-disenador-vanguardia.jpg\" class=\"attachment-large size-large wp-image-266\" alt=\"\" srcset=\"https:\/\/www.concepto360.pe\/wp-content\/uploads\/2026\/01\/concurso-disenador-vanguardia.jpg 800w, https:\/\/www.concepto360.pe\/wp-content\/uploads\/2026\/01\/concurso-disenador-vanguardia-300x218.jpg 300w, https:\/\/www.concepto360.pe\/wp-content\/uploads\/2026\/01\/concurso-disenador-vanguardia-768x557.jpg 768w\" sizes=\"(max-width: 800px) 100vw, 800px\" \/>\t\t\t\t\t\t\t\t\t\t\t\t\t\t\t<\/div>\n\t\t\t\t<\/div>\n\t\t\t\t\t<\/div>\n\t\t\t\t<\/div>\n\t\t\t\t<\/div>\n\t\t<div id=\"e-n-tab-content-2248924423\" role=\"tabpanel\" aria-labelledby=\"e-n-tab-title-2248924423\" data-tab-index=\"3\" style=\"--n-tabs-title-order: 3;\" class=\" elementor-element elementor-element-bbb11e2 e-con-full e-flex e-con e-child\" data-id=\"bbb11e2\" data-element_type=\"container\">\n\t\t<div class=\"elementor-element elementor-element-34669d3 e-flex e-con-boxed e-con e-child\" data-id=\"34669d3\" data-element_type=\"container\">\n\t\t\t\t\t<div class=\"e-con-inner\">\n\t\t<div class=\"elementor-element elementor-element-ebd99ff e-con-full e-flex e-con e-child\" data-id=\"ebd99ff\" data-element_type=\"container\">\n\t\t\t\t<div class=\"elementor-element elementor-element-8d23471 elementor-widget__width-initial animated-slow elementor-invisible elementor-widget elementor-widget-shortcode\" data-id=\"8d23471\" data-element_type=\"widget\" data-settings=\"{&quot;_animation&quot;:&quot;fadeInLeft&quot;,&quot;_animation_delay&quot;:200}\" data-widget_type=\"shortcode.default\">\n\t\t\t\t\t\t\t<div class=\"elementor-shortcode\"><style>\n.iframe-wrapper {\n  width: 100%;\n  height: 400px; \/* altura visible *\/\n  overflow: hidden;\n  position: relative;\n}\n\n\/* El iframe tiene ancho real de escritorio *\/\n.iframe-wrapper iframe {\n  width: 2500px;   \/* ancho real *\/\n  height: 1800px;   \/* alto real *\/\n  border: 0;\n  position: absolute;\n  top: 0;\n  left: 0;\n  transform: scale(1); \/* escala para que entre en tu espacio *\/\n  transform-origin: top left;\n}\n<\/style>\n\n<div class=\"iframe-wrapper\">\n  <iframe src=\"https:\/\/expotextilnews.com.pe\/\"><\/iframe>\n<\/div><\/div>\n\t\t\t\t\t\t<\/div>\n\t\t\t\t<\/div>\n\t\t<div class=\"elementor-element elementor-element-c96508d e-con-full e-flex e-con e-child\" data-id=\"c96508d\" data-element_type=\"container\">\n\t\t\t\t<div class=\"elementor-element elementor-element-0410e42 animated-slow elementor-invisible elementor-widget elementor-widget-text-editor\" data-id=\"0410e42\" data-element_type=\"widget\" data-settings=\"{&quot;_animation&quot;:&quot;fadeInRight&quot;,&quot;_animation_delay&quot;:400}\" data-widget_type=\"text-editor.default\">\n\t\t\t\t\t\t\t\t\t<h3>Expotextil News<\/h3><p>Portal oficial de Expotextil Per\u00fa.<br \/>Ofrece informaci\u00f3n comercial y t\u00e9cnica, novedades de la multiferia, lanzamientos, tendencias y detalles de las empresas participantes.<br \/>Un espacio actualizado que conecta a la industria durante todo el a\u00f1o.<\/p>\t\t\t\t\t\t\t\t<\/div>\n\t\t\t\t<\/div>\n\t\t\t\t\t<\/div>\n\t\t\t\t<\/div>\n\t\t\t\t<\/div>\n\t\t\t\t\t<\/div>\n\t\t<\/div>\n\t\t\t\t\t\t<\/div>\n\t\t\t\t\t<\/div>\n\t\t\t\t<\/div>\n\t\t<div class=\"elementor-element elementor-element-e12961d e-con-full elementor-hidden-desktop elementor-hidden-tablet e-flex e-con e-child\" data-id=\"e12961d\" data-element_type=\"container\" data-settings=\"{&quot;background_background&quot;:&quot;classic&quot;}\">\n\t\t\t\t<div class=\"elementor-element elementor-element-26f02b3 animated-slow elementor-invisible elementor-widget elementor-widget-heading\" data-id=\"26f02b3\" data-element_type=\"widget\" data-settings=\"{&quot;_animation&quot;:&quot;fadeInLeft&quot;,&quot;_animation_delay&quot;:200}\" data-widget_type=\"heading.default\">\n\t\t\t\t\t<h2 class=\"elementor-heading-title elementor-size-default\">Publicaciones, Libros y Memorias \/ C\u00e1talogos y Gu\u00edas<\/h2>\t\t\t\t<\/div>\n\t\t\t\t<div class=\"elementor-element elementor-element-3e51fa2 animated-slow elementor-invisible elementor-widget elementor-widget-image\" data-id=\"3e51fa2\" data-element_type=\"widget\" data-settings=\"{&quot;_animation&quot;:&quot;fadeInRight&quot;,&quot;_animation_delay&quot;:300}\" data-widget_type=\"image.default\">\n\t\t\t\t\t\t\t\t\t\t\t\t\t\t\t<img loading=\"lazy\" decoding=\"async\" width=\"563\" height=\"750\" src=\"https:\/\/www.concepto360.pe\/wp-content\/uploads\/2026\/01\/guia-textil-del-peru-edicion-9.png\" class=\"attachment-large size-large wp-image-252\" alt=\"\" srcset=\"https:\/\/www.concepto360.pe\/wp-content\/uploads\/2026\/01\/guia-textil-del-peru-edicion-9.png 563w, https:\/\/www.concepto360.pe\/wp-content\/uploads\/2026\/01\/guia-textil-del-peru-edicion-9-225x300.png 225w\" sizes=\"(max-width: 563px) 100vw, 563px\" \/>\t\t\t\t\t\t\t\t\t\t\t\t\t\t\t<\/div>\n\t\t\t\t<div class=\"elementor-element elementor-element-63c8a80 animated-slow elementor-invisible elementor-widget elementor-widget-text-editor\" data-id=\"63c8a80\" data-element_type=\"widget\" data-settings=\"{&quot;_animation&quot;:&quot;fadeInLeft&quot;,&quot;_animation_delay&quot;:600}\" data-widget_type=\"text-editor.default\">\n\t\t\t\t\t\t\t\t\t<p>Gu\u00eda Textil del Per\u00fa<\/p>\t\t\t\t\t\t\t\t<\/div>\n\t\t\t\t<div class=\"elementor-element elementor-element-8f45082 animated-slow elementor-invisible elementor-widget elementor-widget-text-editor\" data-id=\"8f45082\" data-element_type=\"widget\" data-settings=\"{&quot;_animation&quot;:&quot;fadeInLeft&quot;,&quot;_animation_delay&quot;:600}\" data-widget_type=\"text-editor.default\">\n\t\t\t\t\t\t\t\t\t<p>El documento oficial del sector textil\u2013confecciones, cuero y calzado del Per\u00fa.<br \/>Re\u00fane informaci\u00f3n actualizada de fabricantes, av\u00edos, dise\u00f1adores, materias primas, maquinaria y servicios especializados.<br \/>Una herramienta estrat\u00e9gica para incrementar ventas, visibilizar oferta y conectar proveedores con compradores nacionales e internacionales.<br \/>Se presenta y distribuye en Expotextil Per\u00fa.<\/p>\t\t\t\t\t\t\t\t<\/div>\n\t\t\t\t<div class=\"elementor-element elementor-element-0515c7c animated-slow elementor-invisible elementor-widget elementor-widget-image\" data-id=\"0515c7c\" data-element_type=\"widget\" data-settings=\"{&quot;_animation&quot;:&quot;fadeInRight&quot;,&quot;_animation_delay&quot;:200}\" data-widget_type=\"image.default\">\n\t\t\t\t\t\t\t\t\t\t\t\t\t\t\t<img loading=\"lazy\" decoding=\"async\" width=\"563\" height=\"750\" src=\"https:\/\/www.concepto360.pe\/wp-content\/uploads\/2026\/01\/guia-industria-plastica-edicion-10.png\" class=\"attachment-large size-large wp-image-251\" alt=\"\" srcset=\"https:\/\/www.concepto360.pe\/wp-content\/uploads\/2026\/01\/guia-industria-plastica-edicion-10.png 563w, https:\/\/www.concepto360.pe\/wp-content\/uploads\/2026\/01\/guia-industria-plastica-edicion-10-225x300.png 225w\" sizes=\"(max-width: 563px) 100vw, 563px\" \/>\t\t\t\t\t\t\t\t\t\t\t\t\t\t\t<\/div>\n\t\t\t\t<div class=\"elementor-element elementor-element-46a7820 animated-slow elementor-invisible elementor-widget elementor-widget-text-editor\" data-id=\"46a7820\" data-element_type=\"widget\" data-settings=\"{&quot;_animation&quot;:&quot;fadeInLeft&quot;,&quot;_animation_delay&quot;:400}\" data-widget_type=\"text-editor.default\">\n\t\t\t\t\t\t\t\t\t<p>Gu\u00eda de la industr\u00eda Pl\u00e1stica<\/p>\t\t\t\t\t\t\t\t<\/div>\n\t\t\t\t<div class=\"elementor-element elementor-element-187072d animated-slow elementor-invisible elementor-widget elementor-widget-text-editor\" data-id=\"187072d\" data-element_type=\"widget\" data-settings=\"{&quot;_animation&quot;:&quot;fadeInLeft&quot;,&quot;_animation_delay&quot;:400}\" data-widget_type=\"text-editor.default\">\n\t\t\t\t\t\t\t\t\t<p>La \u00fanica publicaci\u00f3n oficial del sector pl\u00e1stico peruano.<br \/>Difunde la oferta de fabricantes y proveedores con alto nivel de calidad, fortaleciendo la cadena comercial y t\u00e9cnica del sector.<br \/>Integra informaci\u00f3n, innovaci\u00f3n, investigaci\u00f3n y desarrollo para potenciar la competitividad de toda la industria.<\/p>\t\t\t\t\t\t\t\t<\/div>\n\t\t\t\t<\/div>\n\t\t<div class=\"elementor-element elementor-element-0044425 e-con-full elementor-hidden-desktop elementor-hidden-tablet e-flex e-con e-child\" data-id=\"0044425\" data-element_type=\"container\" data-settings=\"{&quot;background_background&quot;:&quot;classic&quot;}\">\n\t\t\t\t<div class=\"elementor-element elementor-element-43ed730 animated-slow elementor-invisible elementor-widget elementor-widget-heading\" data-id=\"43ed730\" data-element_type=\"widget\" data-settings=\"{&quot;_animation&quot;:&quot;fadeInRight&quot;,&quot;_animation_delay&quot;:200}\" data-widget_type=\"heading.default\">\n\t\t\t\t\t<h2 class=\"elementor-heading-title elementor-size-default\">Creaci\u00f3n y Producci\u00f3n integral de Eventos<\/h2>\t\t\t\t<\/div>\n\t\t\t\t<div class=\"elementor-element elementor-element-f128675 animated-slow elementor-invisible elementor-widget elementor-widget-image\" data-id=\"f128675\" data-element_type=\"widget\" data-settings=\"{&quot;_animation&quot;:&quot;fadeInLeft&quot;,&quot;_animation_delay&quot;:400}\" data-widget_type=\"image.default\">\n\t\t\t\t\t\t\t\t\t\t\t\t\t\t\t<img loading=\"lazy\" decoding=\"async\" width=\"800\" height=\"580\" src=\"https:\/\/www.concepto360.pe\/wp-content\/uploads\/2026\/01\/semana-de-la-industria-textil.jpg\" class=\"attachment-large size-large wp-image-268\" alt=\"\" srcset=\"https:\/\/www.concepto360.pe\/wp-content\/uploads\/2026\/01\/semana-de-la-industria-textil.jpg 800w, https:\/\/www.concepto360.pe\/wp-content\/uploads\/2026\/01\/semana-de-la-industria-textil-300x218.jpg 300w, https:\/\/www.concepto360.pe\/wp-content\/uploads\/2026\/01\/semana-de-la-industria-textil-768x557.jpg 768w\" sizes=\"(max-width: 800px) 100vw, 800px\" \/>\t\t\t\t\t\t\t\t\t\t\t\t\t\t\t<\/div>\n\t\t\t\t<div class=\"elementor-element elementor-element-e460098 animated-slow elementor-invisible elementor-widget elementor-widget-text-editor\" data-id=\"e460098\" data-element_type=\"widget\" data-settings=\"{&quot;_animation&quot;:&quot;fadeInRight&quot;,&quot;_animation_delay&quot;:600}\" data-widget_type=\"text-editor.default\">\n\t\t\t\t\t\t\t\t\t<p>Semana de la Industria Textil &#8211; SIT<\/p>\t\t\t\t\t\t\t\t<\/div>\n\t\t\t\t<div class=\"elementor-element elementor-element-9e70439 animated-slow elementor-invisible elementor-widget elementor-widget-text-editor\" data-id=\"9e70439\" data-element_type=\"widget\" data-settings=\"{&quot;_animation&quot;:&quot;fadeInRight&quot;,&quot;_animation_delay&quot;:600}\" data-widget_type=\"text-editor.default\">\n\t\t\t\t\t\t\t\t\t<p>Plataforma integrada de informaci\u00f3n, capacitaci\u00f3n y promoci\u00f3n comercial para el circuito textil\u2013confecciones.<br \/>Incluye:<\/p><ul><li><strong>Di\u00e1logo Textil:<\/strong> mesas empresariales conducidas por periodistas especializados.<\/li><li><strong>Conferencias t\u00e9cnicas, de gesti\u00f3n y magistrales:<\/strong> nacionales e internacionales, orientadas a modernizar procesos, incorporar tecnolog\u00eda y elevar la competitividad del sector.<\/li><\/ul>\t\t\t\t\t\t\t\t<\/div>\n\t\t\t\t<div class=\"elementor-element elementor-element-c15eb1f animated-slow elementor-invisible elementor-widget elementor-widget-image\" data-id=\"c15eb1f\" data-element_type=\"widget\" data-settings=\"{&quot;_animation&quot;:&quot;fadeInLeft&quot;,&quot;_animation_delay&quot;:200}\" data-widget_type=\"image.default\">\n\t\t\t\t\t\t\t\t\t\t\t\t\t\t\t<img loading=\"lazy\" decoding=\"async\" width=\"800\" height=\"580\" src=\"https:\/\/www.concepto360.pe\/wp-content\/uploads\/2026\/01\/semana-de-la-industria-del-plastico.jpg\" class=\"attachment-large size-large wp-image-269\" alt=\"\" srcset=\"https:\/\/www.concepto360.pe\/wp-content\/uploads\/2026\/01\/semana-de-la-industria-del-plastico.jpg 800w, https:\/\/www.concepto360.pe\/wp-content\/uploads\/2026\/01\/semana-de-la-industria-del-plastico-300x218.jpg 300w, https:\/\/www.concepto360.pe\/wp-content\/uploads\/2026\/01\/semana-de-la-industria-del-plastico-768x557.jpg 768w\" sizes=\"(max-width: 800px) 100vw, 800px\" \/>\t\t\t\t\t\t\t\t\t\t\t\t\t\t\t<\/div>\n\t\t\t\t<div class=\"elementor-element elementor-element-6cf9be6 animated-slow elementor-invisible elementor-widget elementor-widget-text-editor\" data-id=\"6cf9be6\" data-element_type=\"widget\" data-settings=\"{&quot;_animation&quot;:&quot;fadeInRight&quot;,&quot;_animation_delay&quot;:400}\" data-widget_type=\"text-editor.default\">\n\t\t\t\t\t\t\t\t\t<p>Semana de la industria del Pl\u00e1stico<\/p>\t\t\t\t\t\t\t\t<\/div>\n\t\t\t\t<div class=\"elementor-element elementor-element-93fc462 animated-slow elementor-invisible elementor-widget elementor-widget-text-editor\" data-id=\"93fc462\" data-element_type=\"widget\" data-settings=\"{&quot;_animation&quot;:&quot;fadeInRight&quot;,&quot;_animation_delay&quot;:400}\" data-widget_type=\"text-editor.default\">\n\t\t\t\t\t\t\t\t\t<p>Espacio de desarrollo industrial y articulaci\u00f3n comercial para el sector pl\u00e1stico peruano.<br \/>Incluye:<\/p><ul><li><strong>Di\u00e1logo Pl\u00e1stico:<\/strong> encuentros empresariales orientados a la reconversi\u00f3n y modernizaci\u00f3n del sector.<\/li><li><strong>Conferencias t\u00e9cnicas y de gesti\u00f3n:<\/strong> enfocadas en innovaci\u00f3n, tecnolog\u00eda y mejora continua.<\/li><\/ul>\t\t\t\t\t\t\t\t<\/div>\n\t\t\t\t<div class=\"elementor-element elementor-element-0189048 animated-slow elementor-invisible elementor-widget elementor-widget-image\" data-id=\"0189048\" data-element_type=\"widget\" data-settings=\"{&quot;_animation&quot;:&quot;fadeInLeft&quot;,&quot;_animation_delay&quot;:200}\" data-widget_type=\"image.default\">\n\t\t\t\t\t\t\t\t\t\t\t\t\t\t\t<img loading=\"lazy\" decoding=\"async\" width=\"800\" height=\"580\" src=\"https:\/\/www.concepto360.pe\/wp-content\/uploads\/2026\/01\/pasarelas.jpg\" class=\"attachment-large size-large wp-image-267\" alt=\"\" srcset=\"https:\/\/www.concepto360.pe\/wp-content\/uploads\/2026\/01\/pasarelas.jpg 800w, https:\/\/www.concepto360.pe\/wp-content\/uploads\/2026\/01\/pasarelas-300x218.jpg 300w, https:\/\/www.concepto360.pe\/wp-content\/uploads\/2026\/01\/pasarelas-768x557.jpg 768w\" sizes=\"(max-width: 800px) 100vw, 800px\" \/>\t\t\t\t\t\t\t\t\t\t\t\t\t\t\t<\/div>\n\t\t\t\t<div class=\"elementor-element elementor-element-59e85ea animated-slow elementor-invisible elementor-widget elementor-widget-text-editor\" data-id=\"59e85ea\" data-element_type=\"widget\" data-settings=\"{&quot;_animation&quot;:&quot;fadeInRight&quot;,&quot;_animation_delay&quot;:400}\" data-widget_type=\"text-editor.default\">\n\t\t\t\t\t\t\t\t\t<p>Pasarelas Expotextil<\/p>\t\t\t\t\t\t\t\t<\/div>\n\t\t\t\t<div class=\"elementor-element elementor-element-084b1ff animated-slow elementor-invisible elementor-widget elementor-widget-text-editor\" data-id=\"084b1ff\" data-element_type=\"widget\" data-settings=\"{&quot;_animation&quot;:&quot;fadeInRight&quot;,&quot;_animation_delay&quot;:400}\" data-widget_type=\"text-editor.default\">\n\t\t\t\t\t\t\t\t\t<p>La vitrina m\u00e1s importante de la moda peruana.<br \/>Presenta colecciones de marcas, empresas textiles, dise\u00f1adores consagrados y nuevos talentos.<br \/>Un escenario de alto impacto para posicionar productos, potenciar marcas y mostrar tendencias.<\/p>\t\t\t\t\t\t\t\t<\/div>\n\t\t\t\t<div class=\"elementor-element elementor-element-867f5b5 animated-slow elementor-invisible elementor-widget elementor-widget-image\" data-id=\"867f5b5\" data-element_type=\"widget\" data-settings=\"{&quot;_animation&quot;:&quot;fadeInLeft&quot;,&quot;_animation_delay&quot;:200}\" data-widget_type=\"image.default\">\n\t\t\t\t\t\t\t\t\t\t\t\t\t\t\t<img loading=\"lazy\" decoding=\"async\" width=\"800\" height=\"580\" src=\"https:\/\/www.concepto360.pe\/wp-content\/uploads\/2026\/01\/concurso-disenador-vanguardia.jpg\" class=\"attachment-large size-large wp-image-266\" alt=\"\" srcset=\"https:\/\/www.concepto360.pe\/wp-content\/uploads\/2026\/01\/concurso-disenador-vanguardia.jpg 800w, https:\/\/www.concepto360.pe\/wp-content\/uploads\/2026\/01\/concurso-disenador-vanguardia-300x218.jpg 300w, https:\/\/www.concepto360.pe\/wp-content\/uploads\/2026\/01\/concurso-disenador-vanguardia-768x557.jpg 768w\" sizes=\"(max-width: 800px) 100vw, 800px\" \/>\t\t\t\t\t\t\t\t\t\t\t\t\t\t\t<\/div>\n\t\t\t\t<div class=\"elementor-element elementor-element-8011191 animated-slow elementor-invisible elementor-widget elementor-widget-text-editor\" data-id=\"8011191\" data-element_type=\"widget\" data-settings=\"{&quot;_animation&quot;:&quot;fadeInRight&quot;,&quot;_animation_delay&quot;:400}\" data-widget_type=\"text-editor.default\">\n\t\t\t\t\t\t\t\t\t<p>Concurso Dise\u00f1ador de Vanguardia<\/p>\t\t\t\t\t\t\t\t<\/div>\n\t\t\t\t<div class=\"elementor-element elementor-element-99d0c16 animated-slow elementor-invisible elementor-widget elementor-widget-text-editor\" data-id=\"99d0c16\" data-element_type=\"widget\" data-settings=\"{&quot;_animation&quot;:&quot;fadeInRight&quot;,&quot;_animation_delay&quot;:400}\" data-widget_type=\"text-editor.default\">\n\t\t\t\t\t\t\t\t\t<p>Plataforma que impulsa a los nuevos talentos del dise\u00f1o de moda en el Per\u00fa.<br \/>Dirigido a estudiantes y egresados menores de 29 a\u00f1os.<br \/>Una vitrina nacional e internacional que conecta creatividad, industria y oportunidades reales.<\/p>\t\t\t\t\t\t\t\t<\/div>\n\t\t\t\t<\/div>\n\t\t<div class=\"elementor-element elementor-element-8ae8a94 e-con-full elementor-hidden-desktop elementor-hidden-tablet e-flex e-con e-child\" data-id=\"8ae8a94\" data-element_type=\"container\" data-settings=\"{&quot;background_background&quot;:&quot;classic&quot;}\">\n\t\t\t\t<div class=\"elementor-element elementor-element-ccfa471 animated-slow elementor-invisible elementor-widget elementor-widget-heading\" data-id=\"ccfa471\" data-element_type=\"widget\" data-settings=\"{&quot;_animation&quot;:&quot;fadeInLeft&quot;,&quot;_animation_delay&quot;:200}\" data-widget_type=\"heading.default\">\n\t\t\t\t\t<h2 class=\"elementor-heading-title elementor-size-default\">Portales de Noticias y Plataformas Virtuales<\/h2>\t\t\t\t<\/div>\n\t\t\t\t<div class=\"elementor-element elementor-element-2e15be8 animated-slow elementor-invisible elementor-widget elementor-widget-text-editor\" data-id=\"2e15be8\" data-element_type=\"widget\" data-settings=\"{&quot;_animation&quot;:&quot;fadeInRight&quot;,&quot;_animation_delay&quot;:400}\" data-widget_type=\"text-editor.default\">\n\t\t\t\t\t\t\t\t\t<p>Expotextil News<\/p>\t\t\t\t\t\t\t\t<\/div>\n\t\t\t\t<div class=\"elementor-element elementor-element-fc2234f elementor-invisible elementor-widget elementor-widget-text-editor\" data-id=\"fc2234f\" data-element_type=\"widget\" data-settings=\"{&quot;_animation&quot;:&quot;fadeInRight&quot;,&quot;_animation_delay&quot;:400}\" data-widget_type=\"text-editor.default\">\n\t\t\t\t\t\t\t\t\t<p>Portal oficial de Expotextil Per\u00fa.<br \/>Ofrece informaci\u00f3n comercial y t\u00e9cnica, novedades de la multiferia, lanzamientos, tendencias y detalles de las empresas participantes.<br \/>Un espacio actualizado que conecta a la industria durante todo el a\u00f1o.<\/p>\t\t\t\t\t\t\t\t<\/div>\n\t\t\t\t<div class=\"elementor-element elementor-element-b63cf40 elementor-widget__width-initial animated-slow elementor-invisible elementor-widget elementor-widget-shortcode\" data-id=\"b63cf40\" data-element_type=\"widget\" data-settings=\"{&quot;_animation&quot;:&quot;fadeInLeft&quot;,&quot;_animation_delay&quot;:400,&quot;_animation_mobile&quot;:&quot;none&quot;}\" data-widget_type=\"shortcode.default\">\n\t\t\t\t\t\t\t<div class=\"elementor-shortcode\"><style>\n.iframe-wrapper {\n  width: 100%;\n  height: 400px; \/* altura visible *\/\n  overflow: hidden;\n  position: relative;\n}\n\n\/* El iframe tiene ancho real de escritorio *\/\n.iframe-wrapper iframe {\n  width: 2500px;   \/* ancho real *\/\n  height: 1800px;   \/* alto real *\/\n  border: 0;\n  position: absolute;\n  top: 0;\n  left: 0;\n  transform: scale(1); \/* escala para que entre en tu espacio *\/\n  transform-origin: top left;\n}\n<\/style>\n\n<div class=\"iframe-wrapper\">\n  <iframe src=\"https:\/\/expotextilnews.com.pe\/\"><\/iframe>\n<\/div><\/div>\n\t\t\t\t\t\t<\/div>\n\t\t\t\t<\/div>\n\t\t<div class=\"elementor-element elementor-element-ef40877 e-con-full e-flex e-con e-child\" data-id=\"ef40877\" data-element_type=\"container\" data-settings=\"{&quot;background_background&quot;:&quot;classic&quot;}\">\n\t\t\t\t<div class=\"elementor-element elementor-element-3e56de4 animated-slow elementor-invisible elementor-widget elementor-widget-image-carousel\" data-id=\"3e56de4\" data-element_type=\"widget\" data-settings=\"{&quot;slides_to_show&quot;:&quot;7&quot;,&quot;slides_to_show_mobile&quot;:&quot;3&quot;,&quot;slides_to_scroll&quot;:&quot;1&quot;,&quot;slides_to_scroll_mobile&quot;:&quot;1&quot;,&quot;navigation&quot;:&quot;none&quot;,&quot;autoplay_speed&quot;:0,&quot;speed&quot;:5000,&quot;image_spacing_custom&quot;:{&quot;unit&quot;:&quot;px&quot;,&quot;size&quot;:50,&quot;sizes&quot;:[]},&quot;image_spacing_custom_mobile&quot;:{&quot;unit&quot;:&quot;px&quot;,&quot;size&quot;:7,&quot;sizes&quot;:[]},&quot;_animation&quot;:&quot;fadeInUp&quot;,&quot;_animation_delay&quot;:200,&quot;slides_to_show_tablet&quot;:&quot;5&quot;,&quot;image_spacing_custom_tablet&quot;:{&quot;unit&quot;:&quot;px&quot;,&quot;size&quot;:25,&quot;sizes&quot;:[]},&quot;autoplay&quot;:&quot;yes&quot;,&quot;infinite&quot;:&quot;yes&quot;}\" data-widget_type=\"image-carousel.default\">\n\t\t\t\t\t\t\t<div class=\"elementor-image-carousel-wrapper swiper\" role=\"region\" aria-roledescription=\"carousel\" aria-label=\"Carrusel de im\u00e1genes\" dir=\"ltr\">\n\t\t\t<div class=\"elementor-image-carousel swiper-wrapper\" aria-live=\"off\">\n\t\t\t\t\t\t\t\t<div class=\"swiper-slide\" role=\"group\" aria-roledescription=\"slide\" aria-label=\"1 de 9\"><figure class=\"swiper-slide-inner\"><img decoding=\"async\" class=\"swiper-slide-image\" src=\"https:\/\/www.concepto360.pe\/wp-content\/uploads\/2026\/01\/logo-SIT.png\" alt=\"logo-SIT\" \/><\/figure><\/div><div class=\"swiper-slide\" role=\"group\" aria-roledescription=\"slide\" aria-label=\"2 de 9\"><figure class=\"swiper-slide-inner\"><img decoding=\"async\" class=\"swiper-slide-image\" src=\"https:\/\/www.concepto360.pe\/wp-content\/uploads\/2026\/01\/logo-congreso-blanco.png\" alt=\"logo-congreso-blanco\" \/><\/figure><\/div><div class=\"swiper-slide\" role=\"group\" aria-roledescription=\"slide\" aria-label=\"3 de 9\"><figure class=\"swiper-slide-inner\"><img decoding=\"async\" class=\"swiper-slide-image\" src=\"https:\/\/www.concepto360.pe\/wp-content\/uploads\/2026\/01\/logo-rueda-de-compradores-blanco.png\" alt=\"logo-rueda-de-compradores-blanco\" \/><\/figure><\/div><div class=\"swiper-slide\" role=\"group\" aria-roledescription=\"slide\" aria-label=\"4 de 9\"><figure class=\"swiper-slide-inner\"><img decoding=\"async\" class=\"swiper-slide-image\" src=\"https:\/\/www.concepto360.pe\/wp-content\/uploads\/2026\/01\/logo-revive-blanco.png\" alt=\"logo-revive-blanco\" \/><\/figure><\/div><div class=\"swiper-slide\" role=\"group\" aria-roledescription=\"slide\" aria-label=\"5 de 9\"><figure class=\"swiper-slide-inner\"><img decoding=\"async\" class=\"swiper-slide-image\" src=\"https:\/\/www.concepto360.pe\/wp-content\/uploads\/2026\/01\/logo-pasarelas-blanco.png\" alt=\"logo-pasarelas-blanco\" \/><\/figure><\/div><div class=\"swiper-slide\" role=\"group\" aria-roledescription=\"slide\" aria-label=\"6 de 9\"><figure class=\"swiper-slide-inner\"><img decoding=\"async\" class=\"swiper-slide-image\" src=\"https:\/\/www.concepto360.pe\/wp-content\/uploads\/2026\/01\/logo-concurso-disenador-vanguardia-blanco.png\" alt=\"logo-concurso-dise\u00f1ador-vanguardia-blanco\" \/><\/figure><\/div><div class=\"swiper-slide\" role=\"group\" aria-roledescription=\"slide\" aria-label=\"7 de 9\"><figure class=\"swiper-slide-inner\"><img decoding=\"async\" class=\"swiper-slide-image\" src=\"https:\/\/www.concepto360.pe\/wp-content\/uploads\/2026\/01\/logo-hackaton-blanco.png\" alt=\"logo-hackaton-blanco\" \/><\/figure><\/div><div class=\"swiper-slide\" role=\"group\" aria-roledescription=\"slide\" aria-label=\"8 de 9\"><figure class=\"swiper-slide-inner\"><img decoding=\"async\" class=\"swiper-slide-image\" src=\"https:\/\/www.concepto360.pe\/wp-content\/uploads\/2026\/01\/logo-exponews-blanco.png\" alt=\"logo-exponews-blanco\" \/><\/figure><\/div><div class=\"swiper-slide\" role=\"group\" aria-roledescription=\"slide\" aria-label=\"9 de 9\"><figure class=\"swiper-slide-inner\"><img decoding=\"async\" class=\"swiper-slide-image\" src=\"https:\/\/www.concepto360.pe\/wp-content\/uploads\/2026\/01\/logo-guia-textil-del-peru-blanco.png\" alt=\"logo-guia-textil-del-peru-blanco\" \/><\/figure><\/div>\t\t\t<\/div>\n\t\t\t\t\t\t\t\n\t\t\t\t\t\t\t\t\t<\/div>\n\t\t\t\t\t\t<\/div>\n\t\t\t\t<\/div>\n\t\t<div class=\"elementor-element elementor-element-bdaa699 e-con-full elementor-hidden-tablet elementor-hidden-mobile e-flex e-con e-child\" data-id=\"bdaa699\" data-element_type=\"container\" data-settings=\"{&quot;position&quot;:&quot;absolute&quot;,&quot;motion_fx_motion_fx_scrolling&quot;:&quot;yes&quot;,&quot;motion_fx_translateY_effect&quot;:&quot;yes&quot;,&quot;motion_fx_translateY_speed&quot;:{&quot;unit&quot;:&quot;px&quot;,&quot;size&quot;:4,&quot;sizes&quot;:[]},&quot;motion_fx_translateY_affectedRange&quot;:{&quot;unit&quot;:&quot;%&quot;,&quot;size&quot;:&quot;&quot;,&quot;sizes&quot;:{&quot;start&quot;:0,&quot;end&quot;:100}},&quot;motion_fx_devices&quot;:[&quot;desktop&quot;,&quot;tablet&quot;,&quot;mobile&quot;]}\">\n\t\t\t\t<div class=\"elementor-element elementor-element-31524e7 e-transform animated-slow elementor-invisible elementor-widget elementor-widget-image\" data-id=\"31524e7\" data-element_type=\"widget\" data-settings=\"{&quot;_transform_rotateZ_effect&quot;:{&quot;unit&quot;:&quot;px&quot;,&quot;size&quot;:7,&quot;sizes&quot;:[]},&quot;_animation&quot;:&quot;fadeInUp&quot;,&quot;_transform_rotateZ_effect_tablet&quot;:{&quot;unit&quot;:&quot;deg&quot;,&quot;size&quot;:&quot;&quot;,&quot;sizes&quot;:[]},&quot;_transform_rotateZ_effect_mobile&quot;:{&quot;unit&quot;:&quot;deg&quot;,&quot;size&quot;:&quot;&quot;,&quot;sizes&quot;:[]}}\" data-widget_type=\"image.default\">\n\t\t\t\t\t\t\t\t\t\t\t\t\t\t\t<img loading=\"lazy\" decoding=\"async\" width=\"227\" height=\"482\" src=\"https:\/\/www.concepto360.pe\/wp-content\/uploads\/2026\/01\/lineas-blancas-concepto-360.png\" class=\"attachment-full size-full wp-image-79\" alt=\"\" srcset=\"https:\/\/www.concepto360.pe\/wp-content\/uploads\/2026\/01\/lineas-blancas-concepto-360.png 227w, https:\/\/www.concepto360.pe\/wp-content\/uploads\/2026\/01\/lineas-blancas-concepto-360-141x300.png 141w\" sizes=\"(max-width: 227px) 100vw, 227px\" \/>\t\t\t\t\t\t\t\t\t\t\t\t\t\t\t<\/div>\n\t\t\t\t<\/div>\n\t\t\t\t<\/div>\n\t\t\t\t<\/div>\n\t\t","protected":false},"excerpt":{"rendered":"<p>Publicaciones, Libros y Memorias \/ Cat\u00e1logos y Gu\u00edas Creaci\u00f3n y Producci\u00f3n integral de Eventos Portales de Noticias y Plataformas Virtuales Gu\u00eda Textil del Per\u00fa El documento oficial del sector textil\u2013confecciones, cuero y calzado del Per\u00fa.Re\u00fane informaci\u00f3n actualizada de fabricantes, av\u00edos, dise\u00f1adores, materias primas, maquinaria y servicios especializados.Una herramienta estrat\u00e9gica para incrementar ventas, visibilizar oferta y &#8230; <a title=\"Productos\" class=\"read-more\" href=\"https:\/\/www.concepto360.pe\/?page_id=39\" aria-label=\"Leer m\u00e1s sobre Productos\">Leer m\u00e1s<\/a><\/p>\n","protected":false},"author":1,"featured_media":0,"parent":0,"menu_order":0,"comment_status":"closed","ping_status":"closed","template":"elementor_header_footer","meta":{"footnotes":""},"class_list":["post-39","page","type-page","status-publish"],"_links":{"self":[{"href":"https:\/\/www.concepto360.pe\/index.php?rest_route=\/wp\/v2\/pages\/39","targetHints":{"allow":["GET"]}}],"collection":[{"href":"https:\/\/www.concepto360.pe\/index.php?rest_route=\/wp\/v2\/pages"}],"about":[{"href":"https:\/\/www.concepto360.pe\/index.php?rest_route=\/wp\/v2\/types\/page"}],"author":[{"embeddable":true,"href":"https:\/\/www.concepto360.pe\/index.php?rest_route=\/wp\/v2\/users\/1"}],"replies":[{"embeddable":true,"href":"https:\/\/www.concepto360.pe\/index.php?rest_route=%2Fwp%2Fv2%2Fcomments&post=39"}],"version-history":[{"count":98,"href":"https:\/\/www.concepto360.pe\/index.php?rest_route=\/wp\/v2\/pages\/39\/revisions"}],"predecessor-version":[{"id":464,"href":"https:\/\/www.concepto360.pe\/index.php?rest_route=\/wp\/v2\/pages\/39\/revisions\/464"}],"wp:attachment":[{"href":"https:\/\/www.concepto360.pe\/index.php?rest_route=%2Fwp%2Fv2%2Fmedia&parent=39"}],"curies":[{"name":"wp","href":"https:\/\/api.w.org\/{rel}","templated":true}]}}